{"id":8344,"date":"2020-02-07T12:05:28","date_gmt":"2020-02-07T12:05:28","guid":{"rendered":"https:\/\/www.porvootours.fi\/?post_type=portfolio&#038;p=8344"},"modified":"2026-02-03T08:57:49","modified_gmt":"2026-02-03T08:57:49","slug":"kejsarna-och-vi","status":"publish","type":"portfolio","link":"https:\/\/www.porvootours.fi\/sv\/portfolio\/kejsarna-och-vi\/","title":{"rendered":"Kejsarna och vi"},"content":{"rendered":"<div id=\"pl-8344\"  class=\"panel-layout\" ><div id=\"pg-8344-0\"  class=\"panel-grid panel-no-style\" ><div id=\"pgc-8344-0-0\"  class=\"panel-grid-cell\" ><div id=\"panel-8344-0-0-0\" class=\"so-panel widget widget_sow-editor panel-first-child\" data-index=\"0\" ><div\n\t\t\t\n\t\t\tclass=\"so-widget-sow-editor so-widget-sow-editor-base\"\n\t\t\t\n\t\t>\n<div class=\"siteorigin-widget-tinymce textwidget\">\n\t<h5 data-path-to-node=\"2\">En tidsresa till Borg\u00e5s glansdagar<\/h5>\n<p data-path-to-node=\"3\">Borg\u00e5 har \u00e4nda sedan medeltiden haft en fascinerande plats i Finlands historia. V\u00e5r stad har g\u00e4stats av s\u00e5v\u00e4l den svenska tidens kungar som ryska kejsare under autonomins tidevarv. F\u00f6lj med p\u00e5 en st\u00e4mningsfull stadsvandring i Gamla Borg\u00e5, d\u00e4r vi f\u00e5r h\u00f6ra ber\u00e4ttelser om bland annat Gustav III:s f\u00e4rgstarka f\u00f6lje och tsar Alexander I:s historiska l\u00f6ften.<\/p>\n<p data-path-to-node=\"4\">Vi avnjuter en v\u00e4lsmakande lunch p\u00e5 en mysig restaurang, varp\u00e5 vi bes\u00f6ker \u201dBorg\u00e5 slott\u201d. Detta historiska stenhus fr\u00e5n 1760 \u2013 stadens f\u00f6rsta \u2013 erbjuder sm\u00e5grupper en unik och historisk upplevelse. Vi avnjuter en v\u00e4lkomstsk\u00e5l samtidigt som vi f\u00f6rdjupar oss i en presentation d\u00e4r historien v\u00e4cks till liv i samma anda som de svenska kungarna, den ryska tsaren Alexander I och rockkungen Remu.<\/p>\n<p data-path-to-node=\"5\">Efter bes\u00f6ket finns det tid att bekanta sig med de charmiga butikerna i Gamla stan. Som avslutning p\u00e5 dagen avnjuter vi traditionellt eftermiddagskaffe i Te- och Kafferummet Helmi, d\u00e4r den gammaldags atmosf\u00e4ren kr\u00f6ner hela upplevelsen.<\/p>\n<p><strong>Pris 2026:<\/strong><br \/>\n<strong>Fr\u00e5n 73 \u20ac\/person<\/strong>. Priset \u00e4r ber\u00e4knat f\u00f6r en grupp p\u00e5 minst 25 personer.<br \/>\n<strong>Fr\u00e5n 75 \u20ac\/person<\/strong>. Priset \u00e4r ber\u00e4knat f\u00f6r en grupp p\u00e5 minst 20 personer.<br \/>\n<strong>Fr\u00e5n 78 \u20ac\/person<\/strong>. Priset \u00e4r ber\u00e4knat f\u00f6r en grupp p\u00e5 minst 15 personer.<br \/>\n<strong>Fr\u00e5n 85 \u20ac\/person<\/strong>. Priset \u00e4r ber\u00e4knat f\u00f6r en grupp p\u00e5 minst 10 personer.<\/p>\n<p><strong>Priset inkluderar:<\/strong><br \/>\nEn Borg\u00e5-guides tj\u00e4nster i 1,5 timme, lunch i Borg\u00e5, intr\u00e4de och historik i \"Borg\u00e5 slott\", ett v\u00e4lkomsdryck i \"Borg\u00e5 slott\", eftermiddagskaffe med s\u00f6tt kaffebr\u00f6d p\u00e5 Te- och Kafferummet Helmi samt moms.<\/p>\n<p><strong>L\u00e4ngd:<br \/>\n<\/strong>Cirka 6,5 timmar<\/p>\n<p><strong>F\u00f6rverkligas:<br \/>\n<\/strong>\u00c5ret om, m\u00e5n-l\u00f6r<\/p>\n<\/div>\n<\/div><\/div><div id=\"panel-8344-0-0-1\" class=\"so-panel widget widget_sow-editor panel-last-child\" data-index=\"1\" ><div\n\t\t\t\n\t\t\tclass=\"so-widget-sow-editor so-widget-sow-editor-base\"\n\t\t\t\n\t\t><h3 class=\"widget-title\">Be om offert<\/h3>\n<div class=\"siteorigin-widget-tinymce textwidget\">\n\t\n<div class=\"wpcf7 no-js\" id=\"wpcf7-f4277-o2\" lang=\"fi\" dir=\"ltr\" data-wpcf7-id=\"4277\">\n<div class=\"screen-reader-response\"><p role=\"status\" aria-live=\"polite\" aria-atomic=\"true\"><\/p> <ul><\/ul><\/div>\n<form action=\"\/sv\/wp-json\/wp\/v2\/portfolio\/8344#wpcf7-f4277-o2\" method=\"post\" class=\"wpcf7-form init\" aria-label=\"Yhteydenottolomake\" novalidate=\"novalidate\" data-status=\"init\">\n<fieldset class=\"hidden-fields-container\"><input type=\"hidden\" name=\"_wpcf7\" value=\"4277\" \/><input type=\"hidden\" name=\"_wpcf7_version\" value=\"6.1.5\" \/><input type=\"hidden\" name=\"_wpcf7_locale\" value=\"fi\" \/><input type=\"hidden\" name=\"_wpcf7_unit_tag\" value=\"wpcf7-f4277-o2\" \/><input type=\"hidden\" name=\"_wpcf7_container_post\" value=\"0\" \/><input type=\"hidden\" name=\"_wpcf7_posted_data_hash\" value=\"\" \/>\n<\/fieldset>\n<h4>Kontaktuppgifter\n<\/h4>\n<p><label> F\u00f6retag eller organisation<br \/>\n<span class=\"wpcf7-form-control-wrap\" data-name=\"text-528\"><input size=\"40\" maxlength=\"400\" class=\"wpcf7-form-control wpcf7-text\" aria-invalid=\"false\" value=\"\" type=\"text\" name=\"text-528\" \/><\/span><\/label>\n<\/p>\n<p><label> Namn (obligatorisk)<br \/>\n<span class=\"wpcf7-form-control-wrap\" data-name=\"your-name\"><input size=\"40\" maxlength=\"400\" class=\"wpcf7-form-control wpcf7-text wpcf7-validates-as-required\" aria-required=\"true\" aria-invalid=\"false\" value=\"\" type=\"text\" name=\"your-name\" \/><\/span> <\/label>\n<\/p>\n<p><label> Epost (obligatorisk)<br \/>\n<span class=\"wpcf7-form-control-wrap\" data-name=\"your-email\"><input size=\"40\" maxlength=\"400\" class=\"wpcf7-form-control wpcf7-email wpcf7-validates-as-required wpcf7-text wpcf7-validates-as-email\" aria-required=\"true\" aria-invalid=\"false\" value=\"\" type=\"email\" name=\"your-email\" \/><\/span> <\/label>\n<\/p>\n<p><label> Telefonnummer (obligatorisk)<br \/>\n<span class=\"wpcf7-form-control-wrap\" data-name=\"tel-82\"><input size=\"40\" maxlength=\"400\" class=\"wpcf7-form-control wpcf7-tel wpcf7-validates-as-required wpcf7-text wpcf7-validates-as-tel\" aria-required=\"true\" aria-invalid=\"false\" value=\"\" type=\"tel\" name=\"tel-82\" \/><\/span> <\/label>\n<\/p>\n<p><label> Gatuadress (obligatorisk)<br \/>\n<span class=\"wpcf7-form-control-wrap\" data-name=\"text-477\"><input size=\"40\" maxlength=\"400\" class=\"wpcf7-form-control wpcf7-text wpcf7-validates-as-required\" aria-required=\"true\" aria-invalid=\"false\" value=\"\" type=\"text\" name=\"text-477\" \/><\/span> <\/label>\n<\/p>\n<p><label> Postnummer och postanstalt (obligatorisk)<br \/>\n<span class=\"wpcf7-form-control-wrap\" data-name=\"text-984\"><input size=\"40\" maxlength=\"400\" class=\"wpcf7-form-control wpcf7-text wpcf7-validates-as-required\" aria-required=\"true\" aria-invalid=\"false\" value=\"\" type=\"text\" name=\"text-984\" \/><\/span> <\/label>\n<\/p>\n<p><label> Hur hittade du oss? (obligatorisk)<br \/>\n<span class=\"wpcf7-form-control-wrap\" data-name=\"text-791\"><input size=\"40\" maxlength=\"400\" class=\"wpcf7-form-control wpcf7-text wpcf7-validates-as-required\" aria-required=\"true\" aria-invalid=\"false\" value=\"\" type=\"text\" name=\"text-791\" \/><\/span> <\/label>\n<\/p>\n<p>&nbsp;\n<\/p>\n<h4>Uppgifter om gruppresan\n<\/h4>\n<p><label>Utf\u00e4rdens namn eller beg\u00e4r om skr\u00e4ddarsydd<br \/>\n<span class=\"wpcf7-form-control-wrap\" data-name=\"your-subject\"><input size=\"40\" maxlength=\"400\" class=\"wpcf7-form-control wpcf7-text\" aria-invalid=\"false\" value=\"\" type=\"text\" name=\"your-subject\" \/><\/span><\/label>\n<\/p>\n<p><label>Datum<br \/>\n<span class=\"wpcf7-form-control-wrap\" data-name=\"text-861\"><input size=\"40\" maxlength=\"400\" class=\"wpcf7-form-control wpcf7-text wpcf7-validates-as-required\" aria-required=\"true\" aria-invalid=\"false\" value=\"\" type=\"text\" name=\"text-861\" \/><\/span><\/label>\n<\/p>\n<p>Stad<br \/>\n<span class=\"wpcf7-form-control-wrap\" data-name=\"checkbox-157\"><span class=\"wpcf7-form-control wpcf7-checkbox\"><span class=\"wpcf7-list-item first\"><input type=\"checkbox\" name=\"checkbox-157[]\" value=\"Borg\u00e5\" \/><span class=\"wpcf7-list-item-label\">Borg\u00e5<\/span><\/span><span class=\"wpcf7-list-item\"><input type=\"checkbox\" name=\"checkbox-157[]\" value=\"Lovisa\" \/><span class=\"wpcf7-list-item-label\">Lovisa<\/span><\/span><span class=\"wpcf7-list-item last\"><input type=\"checkbox\" name=\"checkbox-157[]\" value=\"Sibbo\" \/><span class=\"wpcf7-list-item-label\">Sibbo<\/span><\/span><\/span><\/span>\n<\/p>\n<p><label>Annan destination \u00e4n Borg\u00e5, Lovisa eller Sibbo<br \/>\n<span class=\"wpcf7-form-control-wrap\" data-name=\"text-831\"><input size=\"40\" maxlength=\"400\" class=\"wpcf7-form-control wpcf7-text\" aria-invalid=\"false\" value=\"\" type=\"text\" name=\"text-831\" \/><\/span><\/label>\n<\/p>\n<p><label>Gruppens storlek<br \/>\n<span class=\"wpcf7-form-control-wrap\" data-name=\"text-165\"><input size=\"40\" maxlength=\"400\" class=\"wpcf7-form-control wpcf7-text\" aria-invalid=\"false\" value=\"\" type=\"text\" name=\"text-165\" \/><\/span><\/label>\n<\/p>\n<p><label>\u00d6nskem\u00e5l och program, tidtabell m.m.<br \/>\n<span class=\"wpcf7-form-control-wrap\" data-name=\"your-message\"><textarea cols=\"40\" rows=\"10\" maxlength=\"2000\" class=\"wpcf7-form-control wpcf7-textarea\" aria-invalid=\"false\" name=\"your-message\"><\/textarea><\/span> <\/label>\n<\/p>\n<p>Guidning<br \/>\n<span class=\"wpcf7-form-control-wrap\" data-name=\"checkbox-266\"><span class=\"wpcf7-form-control wpcf7-checkbox wpcf7-exclusive-checkbox\"><span class=\"wpcf7-list-item first\"><label><input type=\"checkbox\" name=\"checkbox-266\" value=\"Ja\" \/><span class=\"wpcf7-list-item-label\">Ja<\/span><\/label><\/span><span class=\"wpcf7-list-item last\"><label><input type=\"checkbox\" name=\"checkbox-266\" value=\"Nej\" \/><span class=\"wpcf7-list-item-label\">Nej<\/span><\/label><\/span><\/span><\/span>\n<\/p>\n<p>Mat<br \/>\n<span class=\"wpcf7-form-control-wrap\" data-name=\"checkbox-248\"><span class=\"wpcf7-form-control wpcf7-checkbox wpcf7-exclusive-checkbox\"><span class=\"wpcf7-list-item first\"><label><input type=\"checkbox\" name=\"checkbox-248\" value=\"Ja\" \/><span class=\"wpcf7-list-item-label\">Ja<\/span><\/label><\/span><span class=\"wpcf7-list-item last\"><label><input type=\"checkbox\" name=\"checkbox-248\" value=\"Nej\" \/><span class=\"wpcf7-list-item-label\">Nej<\/span><\/label><\/span><\/span><\/span>\n<\/p>\n<p>Kaffeservering<br \/>\n<span class=\"wpcf7-form-control-wrap\" data-name=\"checkbox-885\"><span class=\"wpcf7-form-control wpcf7-checkbox wpcf7-exclusive-checkbox\"><span class=\"wpcf7-list-item first\"><input type=\"checkbox\" name=\"checkbox-885\" value=\"Ja\" \/><span class=\"wpcf7-list-item-label\">Ja<\/span><\/span><span class=\"wpcf7-list-item last\"><input type=\"checkbox\" name=\"checkbox-885\" value=\"Nej\" \/><span class=\"wpcf7-list-item-label\">Nej<\/span><\/span><\/span><\/span>\n<\/p>\n<p>\u00d6vernattning<br \/>\n<span class=\"wpcf7-form-control-wrap\" data-name=\"checkbox-747\"><span class=\"wpcf7-form-control wpcf7-checkbox wpcf7-exclusive-checkbox\"><span class=\"wpcf7-list-item first\"><input type=\"checkbox\" name=\"checkbox-747\" value=\"Ja\" \/><span class=\"wpcf7-list-item-label\">Ja<\/span><\/span><span class=\"wpcf7-list-item last\"><input type=\"checkbox\" name=\"checkbox-747\" value=\"Nej\" \/><span class=\"wpcf7-list-item-label\">Nej<\/span><\/span><\/span><\/span>\n<\/p>\n<p><label>Fri text, till\u00e4ggsinfo<br \/>\n<span class=\"wpcf7-form-control-wrap\" data-name=\"textarea-582\"><textarea cols=\"40\" rows=\"10\" maxlength=\"2000\" class=\"wpcf7-form-control wpcf7-textarea\" aria-invalid=\"false\" name=\"textarea-582\"><\/textarea><\/span> <\/label>\n<\/p>\n<p><input class=\"wpcf7-form-control wpcf7-submit has-spinner\" type=\"submit\" value=\"Skicka\" \/>\n<\/p><div class=\"wpcf7-response-output\" aria-hidden=\"true\"><\/div>\n<\/form>\n<\/div>\n\n<\/div>\n<\/div><\/div><\/div><\/div><\/div>","protected":false},"excerpt":{"rendered":"<p>Fr\u00e5n kejsarens l\u00f6ften till rockkungen&#8230;&hellip; <a class=\"kt-excerpt-readmore more-link\" href=\"https:\/\/www.porvootours.fi\/sv\/portfolio\/kejsarna-och-vi\/\" aria-label=\"Kejsarna och vi\">\u00bb<\/a><\/p>\n","protected":false},"author":4,"featured_media":17055,"menu_order":0,"comment_status":"closed","ping_status":"closed","template":"","portfolio-type":[168,170],"portfolio-tag":[44,1607,4690,6785,6767,6780,6787,1606,4918,6783,1608,6788,6789,6781,867,6782,6786,6784],"class_list":["post-8344","portfolio","type-portfolio","status-publish","has-post-thumbnail","hentry","portfolio-type-borga","portfolio-type-gruppresor","portfolio-tag-borga","portfolio-tag-borga-slott","portfolio-tag-grupp-program-borga","portfolio-tag-gruppresor-till-borga","portfolio-tag-guidad-stadsvandring","portfolio-tag-historisk-dagsresa-borga","portfolio-tag-historisk-dagsutflykt","portfolio-tag-kejsare","portfolio-tag-kejsarna-och-vi","portfolio-tag-kulturvandring","portfolio-tag-remu-aaltonen","portfolio-tag-saker-att-gora-i-borga","portfolio-tag-sevardheter-i-borga","portfolio-tag-stadsvandring-i-gamla-borga","portfolio-tag-tee-ja-kahvihuone-helmi","portfolio-tag-temaresa","portfolio-tag-upplevelse-for-foretag","portfolio-tag-upplevelseresa-borga"],"yoast_head":"<!-- This site is optimized with the Yoast SEO plugin v27.3 - https:\/\/yoast.com\/product\/yoast-seo-wordpress\/ -->\n<title>Kejsarna och vi | Porvoo Tours - researrang\u00f6r<\/title>\n<meta name=\"description\" content=\"Upplev Borg\u00e5s historiska glans! Guidad tur, lunch och bes\u00f6k i &quot;Borg\u00e5 slott&quot;. En f\u00e4rdig gruppresa fylld av kungliga ber\u00e4ttelser. Boka h\u00e4r!\" \/>\n<meta name=\"robots\" content=\"index, follow, max-snippet:-1, max-image-preview:large, max-video-preview:-1\" \/>\n<link rel=\"canonical\" href=\"https:\/\/www.porvootours.fi\/sv\/portfolio\/kejsarna-och-vi\/\" \/>\n<meta property=\"og:locale\" content=\"sv_SE\" \/>\n<meta property=\"og:type\" content=\"article\" \/>\n<meta property=\"og:title\" content=\"Kejsarna och vi | Porvoo Tours - researrang\u00f6r\" \/>\n<meta property=\"og:description\" content=\"Upplev Borg\u00e5s historiska glans! Guidad tur, lunch och bes\u00f6k i &quot;Borg\u00e5 slott&quot;. En f\u00e4rdig gruppresa fylld av kungliga ber\u00e4ttelser. Boka h\u00e4r!\" \/>\n<meta property=\"og:url\" content=\"https:\/\/www.porvootours.fi\/sv\/portfolio\/kejsarna-och-vi\/\" \/>\n<meta property=\"og:site_name\" content=\"Porvoo Tours - researrang\u00f6r\" \/>\n<meta property=\"article:publisher\" content=\"https:\/\/www.facebook.com\/Porvoo-Tours-136597746389488\/\" \/>\n<meta property=\"article:modified_time\" content=\"2026-02-03T08:57:49+00:00\" \/>\n<meta property=\"og:image\" content=\"https:\/\/www.porvootours.fi\/wp-content\/uploads\/2019\/07\/Porvoon-linna-768x512-1.jpg\" \/>\n\t<meta property=\"og:image:width\" content=\"768\" \/>\n\t<meta property=\"og:image:height\" content=\"512\" \/>\n\t<meta property=\"og:image:type\" content=\"image\/jpeg\" \/>\n<meta name=\"twitter:card\" content=\"summary_large_image\" \/>\n<meta name=\"twitter:label1\" content=\"Ber\u00e4knad l\u00e4stid\" \/>\n\t<meta name=\"twitter:data1\" content=\"3 minuter\" \/>\n<script type=\"application\/ld+json\" class=\"yoast-schema-graph\">{\"@context\":\"https:\\\/\\\/schema.org\",\"@graph\":[{\"@type\":\"WebPage\",\"@id\":\"https:\\\/\\\/www.porvootours.fi\\\/sv\\\/portfolio\\\/kejsarna-och-vi\\\/\",\"url\":\"https:\\\/\\\/www.porvootours.fi\\\/sv\\\/portfolio\\\/kejsarna-och-vi\\\/\",\"name\":\"Kejsarna och vi | Porvoo Tours - researrang\u00f6r\",\"isPartOf\":{\"@id\":\"https:\\\/\\\/www.porvootours.fi\\\/#website\"},\"primaryImageOfPage\":{\"@id\":\"https:\\\/\\\/www.porvootours.fi\\\/sv\\\/portfolio\\\/kejsarna-och-vi\\\/#primaryimage\"},\"image\":{\"@id\":\"https:\\\/\\\/www.porvootours.fi\\\/sv\\\/portfolio\\\/kejsarna-och-vi\\\/#primaryimage\"},\"thumbnailUrl\":\"https:\\\/\\\/www.porvootours.fi\\\/wp-content\\\/uploads\\\/2019\\\/07\\\/Porvoon-linna-768x512-1.jpg\",\"datePublished\":\"2020-02-07T12:05:28+00:00\",\"dateModified\":\"2026-02-03T08:57:49+00:00\",\"description\":\"Upplev Borg\u00e5s historiska glans! Guidad tur, lunch och bes\u00f6k i \\\"Borg\u00e5 slott\\\". En f\u00e4rdig gruppresa fylld av kungliga ber\u00e4ttelser. Boka h\u00e4r!\",\"breadcrumb\":{\"@id\":\"https:\\\/\\\/www.porvootours.fi\\\/sv\\\/portfolio\\\/kejsarna-och-vi\\\/#breadcrumb\"},\"inLanguage\":\"sv-SE\",\"potentialAction\":[{\"@type\":\"ReadAction\",\"target\":[\"https:\\\/\\\/www.porvootours.fi\\\/sv\\\/portfolio\\\/kejsarna-och-vi\\\/\"]}]},{\"@type\":\"ImageObject\",\"inLanguage\":\"sv-SE\",\"@id\":\"https:\\\/\\\/www.porvootours.fi\\\/sv\\\/portfolio\\\/kejsarna-och-vi\\\/#primaryimage\",\"url\":\"https:\\\/\\\/www.porvootours.fi\\\/wp-content\\\/uploads\\\/2019\\\/07\\\/Porvoon-linna-768x512-1.jpg\",\"contentUrl\":\"https:\\\/\\\/www.porvootours.fi\\\/wp-content\\\/uploads\\\/2019\\\/07\\\/Porvoon-linna-768x512-1.jpg\",\"width\":768,\"height\":512,\"caption\":\"\u00a9 Porvoon Linna\"},{\"@type\":\"BreadcrumbList\",\"@id\":\"https:\\\/\\\/www.porvootours.fi\\\/sv\\\/portfolio\\\/kejsarna-och-vi\\\/#breadcrumb\",\"itemListElement\":[{\"@type\":\"ListItem\",\"position\":1,\"name\":\"Home\",\"item\":\"https:\\\/\\\/www.porvootours.fi\\\/sv\\\/\"},{\"@type\":\"ListItem\",\"position\":2,\"name\":\"Kejsarna och vi\"}]},{\"@type\":\"WebSite\",\"@id\":\"https:\\\/\\\/www.porvootours.fi\\\/#website\",\"url\":\"https:\\\/\\\/www.porvootours.fi\\\/\",\"name\":\"Porvoo Tours - matkanj\u00e4rjest\u00e4j\u00e4\",\"description\":\"Ryhm\u00e4matkojen ja kokouksien j\u00e4rjest\u00e4j\u00e4. Porvoo, Sipoo - gruppresor och m\u00f6tesresorja Loviisa\",\"publisher\":{\"@id\":\"https:\\\/\\\/www.porvootours.fi\\\/#organization\"},\"alternateName\":\"Porvoo Tours\",\"potentialAction\":[{\"@type\":\"SearchAction\",\"target\":{\"@type\":\"EntryPoint\",\"urlTemplate\":\"https:\\\/\\\/www.porvootours.fi\\\/?s={search_term_string}\"},\"query-input\":{\"@type\":\"PropertyValueSpecification\",\"valueRequired\":true,\"valueName\":\"search_term_string\"}}],\"inLanguage\":\"sv-SE\"},{\"@type\":\"Organization\",\"@id\":\"https:\\\/\\\/www.porvootours.fi\\\/#organization\",\"name\":\"Porvoo Tours\",\"url\":\"https:\\\/\\\/www.porvootours.fi\\\/\",\"logo\":{\"@type\":\"ImageObject\",\"inLanguage\":\"sv-SE\",\"@id\":\"https:\\\/\\\/www.porvootours.fi\\\/#\\\/schema\\\/logo\\\/image\\\/\",\"url\":\"https:\\\/\\\/www.porvootours.fi\\\/wp-content\\\/uploads\\\/2020\\\/02\\\/porvootours_logo1.png\",\"contentUrl\":\"https:\\\/\\\/www.porvootours.fi\\\/wp-content\\\/uploads\\\/2020\\\/02\\\/porvootours_logo1.png\",\"width\":300,\"height\":70,\"caption\":\"Porvoo Tours\"},\"image\":{\"@id\":\"https:\\\/\\\/www.porvootours.fi\\\/#\\\/schema\\\/logo\\\/image\\\/\"},\"sameAs\":[\"https:\\\/\\\/www.facebook.com\\\/Porvoo-Tours-136597746389488\\\/\"]}]}<\/script>\n<!-- \/ Yoast SEO plugin. -->","yoast_head_json":{"title":"Kejsarna och vi | Porvoo Tours - researrang\u00f6r","description":"Upplev Borg\u00e5s historiska glans! Guidad tur, lunch och bes\u00f6k i \"Borg\u00e5 slott\". En f\u00e4rdig gruppresa fylld av kungliga ber\u00e4ttelser. Boka h\u00e4r!","robots":{"index":"index","follow":"follow","max-snippet":"max-snippet:-1","max-image-preview":"max-image-preview:large","max-video-preview":"max-video-preview:-1"},"canonical":"https:\/\/www.porvootours.fi\/sv\/portfolio\/kejsarna-och-vi\/","og_locale":"sv_SE","og_type":"article","og_title":"Kejsarna och vi | Porvoo Tours - researrang\u00f6r","og_description":"Upplev Borg\u00e5s historiska glans! Guidad tur, lunch och bes\u00f6k i \"Borg\u00e5 slott\". En f\u00e4rdig gruppresa fylld av kungliga ber\u00e4ttelser. Boka h\u00e4r!","og_url":"https:\/\/www.porvootours.fi\/sv\/portfolio\/kejsarna-och-vi\/","og_site_name":"Porvoo Tours - researrang\u00f6r","article_publisher":"https:\/\/www.facebook.com\/Porvoo-Tours-136597746389488\/","article_modified_time":"2026-02-03T08:57:49+00:00","og_image":[{"width":768,"height":512,"url":"https:\/\/www.porvootours.fi\/wp-content\/uploads\/2019\/07\/Porvoon-linna-768x512-1.jpg","type":"image\/jpeg"}],"twitter_card":"summary_large_image","twitter_misc":{"Ber\u00e4knad l\u00e4stid":"3 minuter"},"schema":{"@context":"https:\/\/schema.org","@graph":[{"@type":"WebPage","@id":"https:\/\/www.porvootours.fi\/sv\/portfolio\/kejsarna-och-vi\/","url":"https:\/\/www.porvootours.fi\/sv\/portfolio\/kejsarna-och-vi\/","name":"Kejsarna och vi | Porvoo Tours - researrang\u00f6r","isPartOf":{"@id":"https:\/\/www.porvootours.fi\/#website"},"primaryImageOfPage":{"@id":"https:\/\/www.porvootours.fi\/sv\/portfolio\/kejsarna-och-vi\/#primaryimage"},"image":{"@id":"https:\/\/www.porvootours.fi\/sv\/portfolio\/kejsarna-och-vi\/#primaryimage"},"thumbnailUrl":"https:\/\/www.porvootours.fi\/wp-content\/uploads\/2019\/07\/Porvoon-linna-768x512-1.jpg","datePublished":"2020-02-07T12:05:28+00:00","dateModified":"2026-02-03T08:57:49+00:00","description":"Upplev Borg\u00e5s historiska glans! Guidad tur, lunch och bes\u00f6k i \"Borg\u00e5 slott\". En f\u00e4rdig gruppresa fylld av kungliga ber\u00e4ttelser. Boka h\u00e4r!","breadcrumb":{"@id":"https:\/\/www.porvootours.fi\/sv\/portfolio\/kejsarna-och-vi\/#breadcrumb"},"inLanguage":"sv-SE","potentialAction":[{"@type":"ReadAction","target":["https:\/\/www.porvootours.fi\/sv\/portfolio\/kejsarna-och-vi\/"]}]},{"@type":"ImageObject","inLanguage":"sv-SE","@id":"https:\/\/www.porvootours.fi\/sv\/portfolio\/kejsarna-och-vi\/#primaryimage","url":"https:\/\/www.porvootours.fi\/wp-content\/uploads\/2019\/07\/Porvoon-linna-768x512-1.jpg","contentUrl":"https:\/\/www.porvootours.fi\/wp-content\/uploads\/2019\/07\/Porvoon-linna-768x512-1.jpg","width":768,"height":512,"caption":"\u00a9 Porvoon Linna"},{"@type":"BreadcrumbList","@id":"https:\/\/www.porvootours.fi\/sv\/portfolio\/kejsarna-och-vi\/#breadcrumb","itemListElement":[{"@type":"ListItem","position":1,"name":"Home","item":"https:\/\/www.porvootours.fi\/sv\/"},{"@type":"ListItem","position":2,"name":"Kejsarna och vi"}]},{"@type":"WebSite","@id":"https:\/\/www.porvootours.fi\/#website","url":"https:\/\/www.porvootours.fi\/","name":"Porvoo Tours - matkanj\u00e4rjest\u00e4j\u00e4","description":"Ryhm\u00e4matkojen ja kokouksien j\u00e4rjest\u00e4j\u00e4. Porvoo, Sipoo - gruppresor och m\u00f6tesresorja Loviisa","publisher":{"@id":"https:\/\/www.porvootours.fi\/#organization"},"alternateName":"Porvoo Tours","potentialAction":[{"@type":"SearchAction","target":{"@type":"EntryPoint","urlTemplate":"https:\/\/www.porvootours.fi\/?s={search_term_string}"},"query-input":{"@type":"PropertyValueSpecification","valueRequired":true,"valueName":"search_term_string"}}],"inLanguage":"sv-SE"},{"@type":"Organization","@id":"https:\/\/www.porvootours.fi\/#organization","name":"Porvoo Tours","url":"https:\/\/www.porvootours.fi\/","logo":{"@type":"ImageObject","inLanguage":"sv-SE","@id":"https:\/\/www.porvootours.fi\/#\/schema\/logo\/image\/","url":"https:\/\/www.porvootours.fi\/wp-content\/uploads\/2020\/02\/porvootours_logo1.png","contentUrl":"https:\/\/www.porvootours.fi\/wp-content\/uploads\/2020\/02\/porvootours_logo1.png","width":300,"height":70,"caption":"Porvoo Tours"},"image":{"@id":"https:\/\/www.porvootours.fi\/#\/schema\/logo\/image\/"},"sameAs":["https:\/\/www.facebook.com\/Porvoo-Tours-136597746389488\/"]}]}},"_links":{"self":[{"href":"https:\/\/www.porvootours.fi\/sv\/wp-json\/wp\/v2\/portfolio\/8344","targetHints":{"allow":["GET"]}}],"collection":[{"href":"https:\/\/www.porvootours.fi\/sv\/wp-json\/wp\/v2\/portfolio"}],"about":[{"href":"https:\/\/www.porvootours.fi\/sv\/wp-json\/wp\/v2\/types\/portfolio"}],"author":[{"embeddable":true,"href":"https:\/\/www.porvootours.fi\/sv\/wp-json\/wp\/v2\/users\/4"}],"replies":[{"embeddable":true,"href":"https:\/\/www.porvootours.fi\/sv\/wp-json\/wp\/v2\/comments?post=8344"}],"version-history":[{"count":0,"href":"https:\/\/www.porvootours.fi\/sv\/wp-json\/wp\/v2\/portfolio\/8344\/revisions"}],"wp:featuredmedia":[{"embeddable":true,"href":"https:\/\/www.porvootours.fi\/sv\/wp-json\/wp\/v2\/media\/17055"}],"wp:attachment":[{"href":"https:\/\/www.porvootours.fi\/sv\/wp-json\/wp\/v2\/media?parent=8344"}],"wp:term":[{"taxonomy":"portfolio-type","embeddable":true,"href":"https:\/\/www.porvootours.fi\/sv\/wp-json\/wp\/v2\/portfolio-type?post=8344"},{"taxonomy":"portfolio-tag","embeddable":true,"href":"https:\/\/www.porvootours.fi\/sv\/wp-json\/wp\/v2\/portfolio-tag?post=8344"}],"curies":[{"name":"wp","href":"https:\/\/api.w.org\/{rel}","templated":true}]}}