{"id":19459,"date":"2025-01-22T10:10:46","date_gmt":"2025-01-22T10:10:46","guid":{"rendered":"https:\/\/www.porvootours.fi\/?post_type=portfolio&#038;p=19459"},"modified":"2026-02-25T14:02:11","modified_gmt":"2026-02-25T14:02:11","slug":"kulturell-resa-genom-tiden","status":"publish","type":"portfolio","link":"https:\/\/www.porvootours.fi\/sv\/portfolio\/kulturell-resa-genom-tiden\/","title":{"rendered":"En kulturell rekreations resa genom tiden"},"content":{"rendered":"<div id=\"pl-19459\"  class=\"panel-layout\" ><div id=\"pg-19459-0\"  class=\"panel-grid panel-no-style\" ><div id=\"pgc-19459-0-0\"  class=\"panel-grid-cell\" ><div id=\"panel-19459-0-0-0\" class=\"so-panel widget widget_sow-editor panel-first-child\" data-index=\"0\" ><div\n\t\t\t\n\t\t\tclass=\"so-widget-sow-editor so-widget-sow-editor-base\"\n\t\t\t\n\t\t>\n<div class=\"siteorigin-widget-tinymce textwidget\">\n\t<h5 data-path-to-node=\"4\">Rekreationsdag i Gamla Borg\u00e5<\/h5>\n<p data-path-to-node=\"4\">Ge teamet en paus i vardagen med en inspirerande dag i Gamla Borg\u00e5s historiska kvarter. H\u00e4r finns de perfekta f\u00f6ruts\u00e4ttningarna f\u00f6r en lyckad rekreationsdag d\u00e4r vi kombinerar intressanta ber\u00e4ttelser med god mat och tid f\u00f6r umg\u00e4nge.<\/p>\n<p data-path-to-node=\"4\">Vi b\u00f6rjar dagen i det privata Borg\u00e5 Slott, stadens \u00e4ldsta stenhus fr\u00e5n 1760. Det \u00e4r en unik milj\u00f6 d\u00e4r historien blir personlig; ni f\u00e5r h\u00f6ra om allt fr\u00e5n kungar och tsarer till husets speciella koppling till rockikonen Remu Aaltonen. Det \u00e4r en plats som verkligen har karakt\u00e4r och som s\u00e4tter ig\u00e5ng samtalen direkt.<\/p>\n<p data-path-to-node=\"5\">Efter bes\u00f6ket \u00e4ter vi en god lunch tillsammans p\u00e5 en av stadens lokala restauranger innan vi ger oss ut i de pittoreska gr\u00e4nderna. Under en guidad stadsvandring bekantar vi oss med Gamla Borg\u00e5s sj\u00e4l och bes\u00f6ker b\u00e5de det anrika <a href=\"https:\/\/www.porvoonmuseo.fi\/sv\/planera-ditt-besok\/\" target=\"_blank\" rel=\"noopener\"><em>Gamla R\u00e5dhuset och Holmska g\u00e5rden.<\/em><\/a> Det \u00e4r ett fint s\u00e4tt att l\u00e4ra sig mer om stadens arv samtidigt som man f\u00e5r r\u00f6ra p\u00e5 sig och njuta av omgivningen.<\/p>\n<p data-path-to-node=\"5\">Eftermiddagen avrundas p\u00e5 \u00a0<a href=\"https:\/\/www.teehelmi.fi\/tee-ja-kahvihuone-helmi\/\" target=\"_blank\" rel=\"noopener\"><em>Te- och kafferummet Caf\u00e9 Helmi<\/em><\/a>, som \u00e4r k\u00e4nd f\u00f6r sin speciella atmosf\u00e4r och sina goda bakverk. Innan dagen \u00e4r slut finns det ocks\u00e5 tid att utforska de sm\u00e5 butikerna och hantverksbodarna l\u00e4ngs kullerstensgatorna p\u00e5 egen hand.<\/p>\n<p data-path-to-node=\"5\">Det h\u00e4r \u00e4r en dag fylld av kultur och gemenskap som ger ny energi till hela gruppen.<\/p>\n<p><strong>Pris 2026: \u00a0<\/strong><br \/>\nm\u00e5n-l\u00f6r<strong> fr\u00e5n 82 \u20ac\/person.<\/strong> Priset \u00e4r r\u00e4knat f\u00f6r en grupp p\u00e5 minst 20 personer.<br \/>\nm\u00e5n-l\u00f6r<strong> fr\u00e5n 85 \u20ac\/person.<\/strong> Priset \u00e4r r\u00e4knat f\u00f6r en grupp p\u00e5 minst 15 personer.<br \/>\nm\u00e5n-l\u00f6r<strong> fr\u00e5n 91 \u20ac\/person.<\/strong> Priset \u00e4r r\u00e4knat f\u00f6r en grupp p\u00e5 minst 10 personer.<\/p>\n<p><strong>I priset ing\u00e5r<\/strong>:<br \/>\nGuidat bes\u00f6k p\u00e5 Borg\u00e5 slott, lunch, guideservice, intr\u00e4de till b\u00e5de Gamla R\u00e5dhuset och Holmska huset, eftermiddagskaffe p\u00e5 Helmi och moms.<\/p>\n<p><strong>Tid:<\/strong><br \/>\nca 5,5 timmar<\/p>\n<p><strong>F\u00f6rverkligas:<\/strong><br \/>\n\u00e5ret runt, september-maj, ons-l\u00f6r<\/p>\n<\/div>\n<\/div><\/div><div id=\"panel-19459-0-0-1\" class=\"so-panel widget widget_sow-editor panel-last-child\" data-index=\"1\" ><div\n\t\t\t\n\t\t\tclass=\"so-widget-sow-editor so-widget-sow-editor-base\"\n\t\t\t\n\t\t>\n<div class=\"siteorigin-widget-tinymce textwidget\">\n\t\n<div class=\"wpcf7 no-js\" id=\"wpcf7-f4277-o2\" lang=\"fi\" dir=\"ltr\" data-wpcf7-id=\"4277\">\n<div class=\"screen-reader-response\"><p role=\"status\" aria-live=\"polite\" aria-atomic=\"true\"><\/p> <ul><\/ul><\/div>\n<form action=\"\/sv\/wp-json\/wp\/v2\/portfolio\/19459#wpcf7-f4277-o2\" method=\"post\" class=\"wpcf7-form init\" aria-label=\"Yhteydenottolomake\" novalidate=\"novalidate\" data-status=\"init\">\n<fieldset class=\"hidden-fields-container\"><input type=\"hidden\" name=\"_wpcf7\" value=\"4277\" \/><input type=\"hidden\" name=\"_wpcf7_version\" value=\"6.1.5\" \/><input type=\"hidden\" name=\"_wpcf7_locale\" value=\"fi\" \/><input type=\"hidden\" name=\"_wpcf7_unit_tag\" value=\"wpcf7-f4277-o2\" \/><input type=\"hidden\" name=\"_wpcf7_container_post\" value=\"0\" \/><input type=\"hidden\" name=\"_wpcf7_posted_data_hash\" value=\"\" \/>\n<\/fieldset>\n<h4>Kontaktuppgifter\n<\/h4>\n<p><label> F\u00f6retag eller organisation<br \/>\n<span class=\"wpcf7-form-control-wrap\" data-name=\"text-528\"><input size=\"40\" maxlength=\"400\" class=\"wpcf7-form-control wpcf7-text\" aria-invalid=\"false\" value=\"\" type=\"text\" name=\"text-528\" \/><\/span><\/label>\n<\/p>\n<p><label> Namn (obligatorisk)<br \/>\n<span class=\"wpcf7-form-control-wrap\" data-name=\"your-name\"><input size=\"40\" maxlength=\"400\" class=\"wpcf7-form-control wpcf7-text wpcf7-validates-as-required\" aria-required=\"true\" aria-invalid=\"false\" value=\"\" type=\"text\" name=\"your-name\" \/><\/span> <\/label>\n<\/p>\n<p><label> Epost (obligatorisk)<br \/>\n<span class=\"wpcf7-form-control-wrap\" data-name=\"your-email\"><input size=\"40\" maxlength=\"400\" class=\"wpcf7-form-control wpcf7-email wpcf7-validates-as-required wpcf7-text wpcf7-validates-as-email\" aria-required=\"true\" aria-invalid=\"false\" value=\"\" type=\"email\" name=\"your-email\" \/><\/span> <\/label>\n<\/p>\n<p><label> Telefonnummer (obligatorisk)<br \/>\n<span class=\"wpcf7-form-control-wrap\" data-name=\"tel-82\"><input size=\"40\" maxlength=\"400\" class=\"wpcf7-form-control wpcf7-tel wpcf7-validates-as-required wpcf7-text wpcf7-validates-as-tel\" aria-required=\"true\" aria-invalid=\"false\" value=\"\" type=\"tel\" name=\"tel-82\" \/><\/span> <\/label>\n<\/p>\n<p><label> Gatuadress (obligatorisk)<br \/>\n<span class=\"wpcf7-form-control-wrap\" data-name=\"text-477\"><input size=\"40\" maxlength=\"400\" class=\"wpcf7-form-control wpcf7-text wpcf7-validates-as-required\" aria-required=\"true\" aria-invalid=\"false\" value=\"\" type=\"text\" name=\"text-477\" \/><\/span> <\/label>\n<\/p>\n<p><label> Postnummer och postanstalt (obligatorisk)<br \/>\n<span class=\"wpcf7-form-control-wrap\" data-name=\"text-984\"><input size=\"40\" maxlength=\"400\" class=\"wpcf7-form-control wpcf7-text wpcf7-validates-as-required\" aria-required=\"true\" aria-invalid=\"false\" value=\"\" type=\"text\" name=\"text-984\" \/><\/span> <\/label>\n<\/p>\n<p><label> Hur hittade du oss? (obligatorisk)<br \/>\n<span class=\"wpcf7-form-control-wrap\" data-name=\"text-791\"><input size=\"40\" maxlength=\"400\" class=\"wpcf7-form-control wpcf7-text wpcf7-validates-as-required\" aria-required=\"true\" aria-invalid=\"false\" value=\"\" type=\"text\" name=\"text-791\" \/><\/span> <\/label>\n<\/p>\n<p>&nbsp;\n<\/p>\n<h4>Uppgifter om gruppresan\n<\/h4>\n<p><label>Utf\u00e4rdens namn eller beg\u00e4r om skr\u00e4ddarsydd<br \/>\n<span class=\"wpcf7-form-control-wrap\" data-name=\"your-subject\"><input size=\"40\" maxlength=\"400\" class=\"wpcf7-form-control wpcf7-text\" aria-invalid=\"false\" value=\"\" type=\"text\" name=\"your-subject\" \/><\/span><\/label>\n<\/p>\n<p><label>Datum<br \/>\n<span class=\"wpcf7-form-control-wrap\" data-name=\"text-861\"><input size=\"40\" maxlength=\"400\" class=\"wpcf7-form-control wpcf7-text wpcf7-validates-as-required\" aria-required=\"true\" aria-invalid=\"false\" value=\"\" type=\"text\" name=\"text-861\" \/><\/span><\/label>\n<\/p>\n<p>Stad<br \/>\n<span class=\"wpcf7-form-control-wrap\" data-name=\"checkbox-157\"><span class=\"wpcf7-form-control wpcf7-checkbox\"><span class=\"wpcf7-list-item first\"><input type=\"checkbox\" name=\"checkbox-157[]\" value=\"Borg\u00e5\" \/><span class=\"wpcf7-list-item-label\">Borg\u00e5<\/span><\/span><span class=\"wpcf7-list-item\"><input type=\"checkbox\" name=\"checkbox-157[]\" value=\"Lovisa\" \/><span class=\"wpcf7-list-item-label\">Lovisa<\/span><\/span><span class=\"wpcf7-list-item last\"><input type=\"checkbox\" name=\"checkbox-157[]\" value=\"Sibbo\" \/><span class=\"wpcf7-list-item-label\">Sibbo<\/span><\/span><\/span><\/span>\n<\/p>\n<p><label>Annan destination \u00e4n Borg\u00e5, Lovisa eller Sibbo<br \/>\n<span class=\"wpcf7-form-control-wrap\" data-name=\"text-831\"><input size=\"40\" maxlength=\"400\" class=\"wpcf7-form-control wpcf7-text\" aria-invalid=\"false\" value=\"\" type=\"text\" name=\"text-831\" \/><\/span><\/label>\n<\/p>\n<p><label>Gruppens storlek<br \/>\n<span class=\"wpcf7-form-control-wrap\" data-name=\"text-165\"><input size=\"40\" maxlength=\"400\" class=\"wpcf7-form-control wpcf7-text\" aria-invalid=\"false\" value=\"\" type=\"text\" name=\"text-165\" \/><\/span><\/label>\n<\/p>\n<p><label>\u00d6nskem\u00e5l och program, tidtabell m.m.<br \/>\n<span class=\"wpcf7-form-control-wrap\" data-name=\"your-message\"><textarea cols=\"40\" rows=\"10\" maxlength=\"2000\" class=\"wpcf7-form-control wpcf7-textarea\" aria-invalid=\"false\" name=\"your-message\"><\/textarea><\/span> <\/label>\n<\/p>\n<p>Guidning<br \/>\n<span class=\"wpcf7-form-control-wrap\" data-name=\"checkbox-266\"><span class=\"wpcf7-form-control wpcf7-checkbox wpcf7-exclusive-checkbox\"><span class=\"wpcf7-list-item first\"><label><input type=\"checkbox\" name=\"checkbox-266\" value=\"Ja\" \/><span class=\"wpcf7-list-item-label\">Ja<\/span><\/label><\/span><span class=\"wpcf7-list-item last\"><label><input type=\"checkbox\" name=\"checkbox-266\" value=\"Nej\" \/><span class=\"wpcf7-list-item-label\">Nej<\/span><\/label><\/span><\/span><\/span>\n<\/p>\n<p>Mat<br \/>\n<span class=\"wpcf7-form-control-wrap\" data-name=\"checkbox-248\"><span class=\"wpcf7-form-control wpcf7-checkbox wpcf7-exclusive-checkbox\"><span class=\"wpcf7-list-item first\"><label><input type=\"checkbox\" name=\"checkbox-248\" value=\"Ja\" \/><span class=\"wpcf7-list-item-label\">Ja<\/span><\/label><\/span><span class=\"wpcf7-list-item last\"><label><input type=\"checkbox\" name=\"checkbox-248\" value=\"Nej\" \/><span class=\"wpcf7-list-item-label\">Nej<\/span><\/label><\/span><\/span><\/span>\n<\/p>\n<p>Kaffeservering<br \/>\n<span class=\"wpcf7-form-control-wrap\" data-name=\"checkbox-885\"><span class=\"wpcf7-form-control wpcf7-checkbox wpcf7-exclusive-checkbox\"><span class=\"wpcf7-list-item first\"><input type=\"checkbox\" name=\"checkbox-885\" value=\"Ja\" \/><span class=\"wpcf7-list-item-label\">Ja<\/span><\/span><span class=\"wpcf7-list-item last\"><input type=\"checkbox\" name=\"checkbox-885\" value=\"Nej\" \/><span class=\"wpcf7-list-item-label\">Nej<\/span><\/span><\/span><\/span>\n<\/p>\n<p>\u00d6vernattning<br \/>\n<span class=\"wpcf7-form-control-wrap\" data-name=\"checkbox-747\"><span class=\"wpcf7-form-control wpcf7-checkbox wpcf7-exclusive-checkbox\"><span class=\"wpcf7-list-item first\"><input type=\"checkbox\" name=\"checkbox-747\" value=\"Ja\" \/><span class=\"wpcf7-list-item-label\">Ja<\/span><\/span><span class=\"wpcf7-list-item last\"><input type=\"checkbox\" name=\"checkbox-747\" value=\"Nej\" \/><span class=\"wpcf7-list-item-label\">Nej<\/span><\/span><\/span><\/span>\n<\/p>\n<p><label>Fri text, till\u00e4ggsinfo<br \/>\n<span class=\"wpcf7-form-control-wrap\" data-name=\"textarea-582\"><textarea cols=\"40\" rows=\"10\" maxlength=\"2000\" class=\"wpcf7-form-control wpcf7-textarea\" aria-invalid=\"false\" name=\"textarea-582\"><\/textarea><\/span> <\/label>\n<\/p>\n<p><input class=\"wpcf7-form-control wpcf7-submit has-spinner\" type=\"submit\" value=\"Skicka\" \/>\n<\/p><div class=\"wpcf7-response-output\" aria-hidden=\"true\"><\/div>\n<\/form>\n<\/div>\n\n<\/div>\n<\/div><\/div><\/div><\/div><\/div>","protected":false},"excerpt":{"rendered":"<p>Inspiration och historia i Borg\u00e5&#8230;&hellip; <a class=\"kt-excerpt-readmore more-link\" href=\"https:\/\/www.porvootours.fi\/sv\/portfolio\/kulturell-resa-genom-tiden\/\" aria-label=\"En kulturell rekreations resa genom tiden\">\u00bb<\/a><\/p>\n","protected":false},"author":2,"featured_media":3741,"menu_order":0,"comment_status":"closed","ping_status":"closed","template":"","portfolio-type":[168,170],"portfolio-tag":[1607,6805,6879,6763,6731,709,347,3753,6865,6877,6730,6878,6728,6037,6033,6807,6729,6035],"class_list":["post-19459","portfolio","type-portfolio","status-publish","has-post-thumbnail","hentry","portfolio-type-borga","portfolio-type-gruppresor","portfolio-tag-borga-slott","portfolio-tag-dagsutflykt-for-grupper","portfolio-tag-fardigt-resepaket","portfolio-tag-foreningsresa","portfolio-tag-foretagsevenemang","portfolio-tag-gamla-borga","portfolio-tag-gamla-radhuset-borga","portfolio-tag-gruppresa","portfolio-tag-grupprogram-i-lovisa","portfolio-tag-guidad-rundtur","portfolio-tag-guidad-tur-borga","portfolio-tag-pensionarsgrupper","portfolio-tag-personaldag-nyland","portfolio-tag-program-i-borga-tyhy","portfolio-tag-rekreationsdag-borga","portfolio-tag-seniorgrupper","portfolio-tag-teambuilding","portfolio-tag-tyhy-dag-i-borga"],"yoast_head":"<!-- This site is optimized with the Yoast SEO plugin v27.3 - https:\/\/yoast.com\/product\/yoast-seo-wordpress\/ -->\n<title>En kulturell rekreations resa genom tiden | Porvoo Tours - researrang\u00f6r<\/title>\n<meta name=\"description\" content=\"TYHY-dag i Gamla Borg\u00e5! Kultur, historia och gemenskap i unik milj\u00f6. F\u00e4rdigt paket f\u00f6r f\u00f6retag och grupper. L\u00e4s mer och boka h\u00e4r!\" \/>\n<meta name=\"robots\" content=\"index, follow, max-snippet:-1, max-image-preview:large, max-video-preview:-1\" \/>\n<link rel=\"canonical\" href=\"https:\/\/www.porvootours.fi\/sv\/portfolio\/kulturell-resa-genom-tiden\/\" \/>\n<meta property=\"og:locale\" content=\"sv_SE\" \/>\n<meta property=\"og:type\" content=\"article\" \/>\n<meta property=\"og:title\" content=\"En kulturell rekreations resa genom tiden | Porvoo Tours - researrang\u00f6r\" \/>\n<meta property=\"og:description\" content=\"TYHY-dag i Gamla Borg\u00e5! Kultur, historia och gemenskap i unik milj\u00f6. F\u00e4rdigt paket f\u00f6r f\u00f6retag och grupper. L\u00e4s mer och boka h\u00e4r!\" \/>\n<meta property=\"og:url\" content=\"https:\/\/www.porvootours.fi\/sv\/portfolio\/kulturell-resa-genom-tiden\/\" \/>\n<meta property=\"og:site_name\" content=\"Porvoo Tours - researrang\u00f6r\" \/>\n<meta property=\"article:publisher\" content=\"https:\/\/www.facebook.com\/Porvoo-Tours-136597746389488\/\" \/>\n<meta property=\"article:modified_time\" content=\"2026-02-25T14:02:11+00:00\" \/>\n<meta property=\"og:image\" content=\"https:\/\/www.porvootours.fi\/wp-content\/uploads\/2019\/03\/Vanha-Raatihuoneentori-med-folk-768x511.jpg\" \/>\n\t<meta property=\"og:image:width\" content=\"768\" \/>\n\t<meta property=\"og:image:height\" content=\"511\" \/>\n\t<meta property=\"og:image:type\" content=\"image\/jpeg\" \/>\n<meta name=\"twitter:card\" content=\"summary_large_image\" \/>\n<meta name=\"twitter:label1\" content=\"Ber\u00e4knad l\u00e4stid\" \/>\n\t<meta name=\"twitter:data1\" content=\"3 minuter\" \/>\n<script type=\"application\/ld+json\" class=\"yoast-schema-graph\">{\"@context\":\"https:\\\/\\\/schema.org\",\"@graph\":[{\"@type\":\"WebPage\",\"@id\":\"https:\\\/\\\/www.porvootours.fi\\\/sv\\\/portfolio\\\/kulturell-resa-genom-tiden\\\/\",\"url\":\"https:\\\/\\\/www.porvootours.fi\\\/sv\\\/portfolio\\\/kulturell-resa-genom-tiden\\\/\",\"name\":\"En kulturell rekreations resa genom tiden | Porvoo Tours - researrang\u00f6r\",\"isPartOf\":{\"@id\":\"https:\\\/\\\/www.porvootours.fi\\\/#website\"},\"primaryImageOfPage\":{\"@id\":\"https:\\\/\\\/www.porvootours.fi\\\/sv\\\/portfolio\\\/kulturell-resa-genom-tiden\\\/#primaryimage\"},\"image\":{\"@id\":\"https:\\\/\\\/www.porvootours.fi\\\/sv\\\/portfolio\\\/kulturell-resa-genom-tiden\\\/#primaryimage\"},\"thumbnailUrl\":\"https:\\\/\\\/www.porvootours.fi\\\/wp-content\\\/uploads\\\/2019\\\/03\\\/Vanha-Raatihuoneentori-med-folk-768x511.jpg\",\"datePublished\":\"2025-01-22T10:10:46+00:00\",\"dateModified\":\"2026-02-25T14:02:11+00:00\",\"description\":\"TYHY-dag i Gamla Borg\u00e5! Kultur, historia och gemenskap i unik milj\u00f6. F\u00e4rdigt paket f\u00f6r f\u00f6retag och grupper. L\u00e4s mer och boka h\u00e4r!\",\"breadcrumb\":{\"@id\":\"https:\\\/\\\/www.porvootours.fi\\\/sv\\\/portfolio\\\/kulturell-resa-genom-tiden\\\/#breadcrumb\"},\"inLanguage\":\"sv-SE\",\"potentialAction\":[{\"@type\":\"ReadAction\",\"target\":[\"https:\\\/\\\/www.porvootours.fi\\\/sv\\\/portfolio\\\/kulturell-resa-genom-tiden\\\/\"]}]},{\"@type\":\"ImageObject\",\"inLanguage\":\"sv-SE\",\"@id\":\"https:\\\/\\\/www.porvootours.fi\\\/sv\\\/portfolio\\\/kulturell-resa-genom-tiden\\\/#primaryimage\",\"url\":\"https:\\\/\\\/www.porvootours.fi\\\/wp-content\\\/uploads\\\/2019\\\/03\\\/Vanha-Raatihuoneentori-med-folk-768x511.jpg\",\"contentUrl\":\"https:\\\/\\\/www.porvootours.fi\\\/wp-content\\\/uploads\\\/2019\\\/03\\\/Vanha-Raatihuoneentori-med-folk-768x511.jpg\",\"width\":768,\"height\":511,\"caption\":\"Old Town Hall in Porvoo \u00a9Visit Porvoo\"},{\"@type\":\"BreadcrumbList\",\"@id\":\"https:\\\/\\\/www.porvootours.fi\\\/sv\\\/portfolio\\\/kulturell-resa-genom-tiden\\\/#breadcrumb\",\"itemListElement\":[{\"@type\":\"ListItem\",\"position\":1,\"name\":\"Home\",\"item\":\"https:\\\/\\\/www.porvootours.fi\\\/sv\\\/\"},{\"@type\":\"ListItem\",\"position\":2,\"name\":\"En kulturell rekreations resa genom tiden\"}]},{\"@type\":\"WebSite\",\"@id\":\"https:\\\/\\\/www.porvootours.fi\\\/#website\",\"url\":\"https:\\\/\\\/www.porvootours.fi\\\/\",\"name\":\"Porvoo Tours - matkanj\u00e4rjest\u00e4j\u00e4\",\"description\":\"Ryhm\u00e4matkojen ja kokouksien j\u00e4rjest\u00e4j\u00e4. Porvoo, Sipoo - gruppresor och m\u00f6tesresorja Loviisa\",\"publisher\":{\"@id\":\"https:\\\/\\\/www.porvootours.fi\\\/#organization\"},\"alternateName\":\"Porvoo Tours\",\"potentialAction\":[{\"@type\":\"SearchAction\",\"target\":{\"@type\":\"EntryPoint\",\"urlTemplate\":\"https:\\\/\\\/www.porvootours.fi\\\/?s={search_term_string}\"},\"query-input\":{\"@type\":\"PropertyValueSpecification\",\"valueRequired\":true,\"valueName\":\"search_term_string\"}}],\"inLanguage\":\"sv-SE\"},{\"@type\":\"Organization\",\"@id\":\"https:\\\/\\\/www.porvootours.fi\\\/#organization\",\"name\":\"Porvoo Tours\",\"url\":\"https:\\\/\\\/www.porvootours.fi\\\/\",\"logo\":{\"@type\":\"ImageObject\",\"inLanguage\":\"sv-SE\",\"@id\":\"https:\\\/\\\/www.porvootours.fi\\\/#\\\/schema\\\/logo\\\/image\\\/\",\"url\":\"https:\\\/\\\/www.porvootours.fi\\\/wp-content\\\/uploads\\\/2020\\\/02\\\/porvootours_logo1.png\",\"contentUrl\":\"https:\\\/\\\/www.porvootours.fi\\\/wp-content\\\/uploads\\\/2020\\\/02\\\/porvootours_logo1.png\",\"width\":300,\"height\":70,\"caption\":\"Porvoo Tours\"},\"image\":{\"@id\":\"https:\\\/\\\/www.porvootours.fi\\\/#\\\/schema\\\/logo\\\/image\\\/\"},\"sameAs\":[\"https:\\\/\\\/www.facebook.com\\\/Porvoo-Tours-136597746389488\\\/\"]}]}<\/script>\n<!-- \/ Yoast SEO plugin. -->","yoast_head_json":{"title":"En kulturell rekreations resa genom tiden | Porvoo Tours - researrang\u00f6r","description":"TYHY-dag i Gamla Borg\u00e5! Kultur, historia och gemenskap i unik milj\u00f6. F\u00e4rdigt paket f\u00f6r f\u00f6retag och grupper. L\u00e4s mer och boka h\u00e4r!","robots":{"index":"index","follow":"follow","max-snippet":"max-snippet:-1","max-image-preview":"max-image-preview:large","max-video-preview":"max-video-preview:-1"},"canonical":"https:\/\/www.porvootours.fi\/sv\/portfolio\/kulturell-resa-genom-tiden\/","og_locale":"sv_SE","og_type":"article","og_title":"En kulturell rekreations resa genom tiden | Porvoo Tours - researrang\u00f6r","og_description":"TYHY-dag i Gamla Borg\u00e5! Kultur, historia och gemenskap i unik milj\u00f6. F\u00e4rdigt paket f\u00f6r f\u00f6retag och grupper. L\u00e4s mer och boka h\u00e4r!","og_url":"https:\/\/www.porvootours.fi\/sv\/portfolio\/kulturell-resa-genom-tiden\/","og_site_name":"Porvoo Tours - researrang\u00f6r","article_publisher":"https:\/\/www.facebook.com\/Porvoo-Tours-136597746389488\/","article_modified_time":"2026-02-25T14:02:11+00:00","og_image":[{"width":768,"height":511,"url":"https:\/\/www.porvootours.fi\/wp-content\/uploads\/2019\/03\/Vanha-Raatihuoneentori-med-folk-768x511.jpg","type":"image\/jpeg"}],"twitter_card":"summary_large_image","twitter_misc":{"Ber\u00e4knad l\u00e4stid":"3 minuter"},"schema":{"@context":"https:\/\/schema.org","@graph":[{"@type":"WebPage","@id":"https:\/\/www.porvootours.fi\/sv\/portfolio\/kulturell-resa-genom-tiden\/","url":"https:\/\/www.porvootours.fi\/sv\/portfolio\/kulturell-resa-genom-tiden\/","name":"En kulturell rekreations resa genom tiden | Porvoo Tours - researrang\u00f6r","isPartOf":{"@id":"https:\/\/www.porvootours.fi\/#website"},"primaryImageOfPage":{"@id":"https:\/\/www.porvootours.fi\/sv\/portfolio\/kulturell-resa-genom-tiden\/#primaryimage"},"image":{"@id":"https:\/\/www.porvootours.fi\/sv\/portfolio\/kulturell-resa-genom-tiden\/#primaryimage"},"thumbnailUrl":"https:\/\/www.porvootours.fi\/wp-content\/uploads\/2019\/03\/Vanha-Raatihuoneentori-med-folk-768x511.jpg","datePublished":"2025-01-22T10:10:46+00:00","dateModified":"2026-02-25T14:02:11+00:00","description":"TYHY-dag i Gamla Borg\u00e5! Kultur, historia och gemenskap i unik milj\u00f6. F\u00e4rdigt paket f\u00f6r f\u00f6retag och grupper. L\u00e4s mer och boka h\u00e4r!","breadcrumb":{"@id":"https:\/\/www.porvootours.fi\/sv\/portfolio\/kulturell-resa-genom-tiden\/#breadcrumb"},"inLanguage":"sv-SE","potentialAction":[{"@type":"ReadAction","target":["https:\/\/www.porvootours.fi\/sv\/portfolio\/kulturell-resa-genom-tiden\/"]}]},{"@type":"ImageObject","inLanguage":"sv-SE","@id":"https:\/\/www.porvootours.fi\/sv\/portfolio\/kulturell-resa-genom-tiden\/#primaryimage","url":"https:\/\/www.porvootours.fi\/wp-content\/uploads\/2019\/03\/Vanha-Raatihuoneentori-med-folk-768x511.jpg","contentUrl":"https:\/\/www.porvootours.fi\/wp-content\/uploads\/2019\/03\/Vanha-Raatihuoneentori-med-folk-768x511.jpg","width":768,"height":511,"caption":"Old Town Hall in Porvoo \u00a9Visit Porvoo"},{"@type":"BreadcrumbList","@id":"https:\/\/www.porvootours.fi\/sv\/portfolio\/kulturell-resa-genom-tiden\/#breadcrumb","itemListElement":[{"@type":"ListItem","position":1,"name":"Home","item":"https:\/\/www.porvootours.fi\/sv\/"},{"@type":"ListItem","position":2,"name":"En kulturell rekreations resa genom tiden"}]},{"@type":"WebSite","@id":"https:\/\/www.porvootours.fi\/#website","url":"https:\/\/www.porvootours.fi\/","name":"Porvoo Tours - matkanj\u00e4rjest\u00e4j\u00e4","description":"Ryhm\u00e4matkojen ja kokouksien j\u00e4rjest\u00e4j\u00e4. Porvoo, Sipoo - gruppresor och m\u00f6tesresorja Loviisa","publisher":{"@id":"https:\/\/www.porvootours.fi\/#organization"},"alternateName":"Porvoo Tours","potentialAction":[{"@type":"SearchAction","target":{"@type":"EntryPoint","urlTemplate":"https:\/\/www.porvootours.fi\/?s={search_term_string}"},"query-input":{"@type":"PropertyValueSpecification","valueRequired":true,"valueName":"search_term_string"}}],"inLanguage":"sv-SE"},{"@type":"Organization","@id":"https:\/\/www.porvootours.fi\/#organization","name":"Porvoo Tours","url":"https:\/\/www.porvootours.fi\/","logo":{"@type":"ImageObject","inLanguage":"sv-SE","@id":"https:\/\/www.porvootours.fi\/#\/schema\/logo\/image\/","url":"https:\/\/www.porvootours.fi\/wp-content\/uploads\/2020\/02\/porvootours_logo1.png","contentUrl":"https:\/\/www.porvootours.fi\/wp-content\/uploads\/2020\/02\/porvootours_logo1.png","width":300,"height":70,"caption":"Porvoo Tours"},"image":{"@id":"https:\/\/www.porvootours.fi\/#\/schema\/logo\/image\/"},"sameAs":["https:\/\/www.facebook.com\/Porvoo-Tours-136597746389488\/"]}]}},"_links":{"self":[{"href":"https:\/\/www.porvootours.fi\/sv\/wp-json\/wp\/v2\/portfolio\/19459","targetHints":{"allow":["GET"]}}],"collection":[{"href":"https:\/\/www.porvootours.fi\/sv\/wp-json\/wp\/v2\/portfolio"}],"about":[{"href":"https:\/\/www.porvootours.fi\/sv\/wp-json\/wp\/v2\/types\/portfolio"}],"author":[{"embeddable":true,"href":"https:\/\/www.porvootours.fi\/sv\/wp-json\/wp\/v2\/users\/2"}],"replies":[{"embeddable":true,"href":"https:\/\/www.porvootours.fi\/sv\/wp-json\/wp\/v2\/comments?post=19459"}],"version-history":[{"count":0,"href":"https:\/\/www.porvootours.fi\/sv\/wp-json\/wp\/v2\/portfolio\/19459\/revisions"}],"wp:featuredmedia":[{"embeddable":true,"href":"https:\/\/www.porvootours.fi\/sv\/wp-json\/wp\/v2\/media\/3741"}],"wp:attachment":[{"href":"https:\/\/www.porvootours.fi\/sv\/wp-json\/wp\/v2\/media?parent=19459"}],"wp:term":[{"taxonomy":"portfolio-type","embeddable":true,"href":"https:\/\/www.porvootours.fi\/sv\/wp-json\/wp\/v2\/portfolio-type?post=19459"},{"taxonomy":"portfolio-tag","embeddable":true,"href":"https:\/\/www.porvootours.fi\/sv\/wp-json\/wp\/v2\/portfolio-tag?post=19459"}],"curies":[{"name":"wp","href":"https:\/\/api.w.org\/{rel}","templated":true}]}}