{"id":14061,"date":"2021-04-09T10:13:19","date_gmt":"2021-04-09T10:13:19","guid":{"rendered":"https:\/\/www.porvootours.fi\/?post_type=portfolio&#038;p=14061"},"modified":"2026-02-05T07:56:43","modified_gmt":"2026-02-05T07:56:43","slug":"verla-oravala-gard","status":"publish","type":"portfolio","link":"https:\/\/www.porvootours.fi\/sv\/portfolio\/verla-oravala-gard\/","title":{"rendered":"Verla &#038; Oravala G\u00e5rd"},"content":{"rendered":"<div id=\"pl-14061\"  class=\"panel-layout\" ><div id=\"pg-14061-0\"  class=\"panel-grid panel-no-style\" ><div id=\"pgc-14061-0-0\"  class=\"panel-grid-cell\" ><div id=\"panel-14061-0-0-0\" class=\"so-panel widget widget_sow-editor panel-first-child\" data-index=\"0\" ><div\n\t\t\t\n\t\t\tclass=\"so-widget-sow-editor so-widget-sow-editor-base\"\n\t\t\t\n\t\t>\n<div class=\"siteorigin-widget-tinymce textwidget\">\n\t<p>Under denna dag bekantar vi oss med Verlas och Oravala g\u00e5rds intressanta historia.<\/p>\n<p>Verla \u00e4r ett v\u00e4rldsarv p\u00e5 UNESCO:s v\u00e4rldsarvslista, och en del av ett intressant utvecklingsstadium i Finlands historia. Vi bes\u00f6ker Verlas fabriksmuseum (tr\u00e4sliperi och kartongfabrik) p\u00e5 en guidad tur. Efter turen njuter vi av en god lunch p\u00e5 Restaurant Verla och har ocks\u00e5 tid att utforska omr\u00e5det p\u00e5 egen hand. Lokala hantverkares produkter finns i sm\u00e5 butiker och verkst\u00e4der p\u00e5 omr\u00e5det. Urvalet str\u00e4cker sig fr\u00e5n ekologiskt br\u00f6d till s\u00f6tsaker och stickade kl\u00e4der till keramik, glasarbete och handgjort papper.<\/p>\n<p>Vi forts\u00e4tter till Oravala g\u00e5rd, som ligger i Kouvola, i gamla Valkeala vid Kymijoki-floden. Oravala g\u00e5rds drivs av Christian Hornborg och Ingela Hild\u00e9n, som representerar den femte generationen Hornborg p\u00e5 g\u00e5rden. Vi bekantar oss med g\u00e5rdens fascinerande historia och njuter av den gamla kulturmilj\u00f6n. En guidad vandring f\u00f6r oss p\u00e5 en tidsresa till ekparken fr\u00e5n 1700-talet och de tv\u00e5 g\u00e5rdsmuseum i gamla flygelbyggnaden och ladug\u00e5rden. Vi njuter ocks\u00e5 av eftermiddagskaffe med bakverk fr\u00e5n g\u00e5rdens receptg\u00f6mma! I g\u00e5rdsboden finns hantverk av ek och textil, sm\u00e5tt och gott med anknytning till g\u00e5rdens historia.<\/p>\n<p>&nbsp;<\/p>\n<p><strong>Pris 2026:<\/strong><br \/>\nTis-s\u00f6n <strong>fr\u00e5n 72 \u20ac\/person<\/strong>. Priset \u00e4r ber\u00e4knat f\u00f6r en grupp p\u00e5 minst 25 personer.<\/p>\n<p><strong>Priset inkluderar: <\/strong><br \/>\nintr\u00e4de + guidning i Verla, lunch p\u00e5 Ravintola Verla, guidat bes\u00f6k + eftermiddagskaffe p\u00e5 Oravala g\u00e5rd och moms.<\/p>\n<p><strong>Pris inkluderande busstransport med Oy Kaj Forsblom Ab:s buss Borg\u00e5 \u2013 Verla \u2013 Oravala \u2013 Borg\u00e5:<\/strong><br \/>\nTis-s\u00f6n <a href=\"porvootours@porvootours.fi\" target=\"_blank\" rel=\"noopener\"><b>fr\u00e5ga mer<\/b><\/a><\/p>\n<p><strong>Pris inkluderande busstransport med Oy Kaj Forsblom Ab:s buss Helsingfors \u2013 Verla \u2013 Oravala \u2013 Helsingfors:<\/strong><br \/>\nTis-s\u00f6n\u00a0<a href=\"porvootours@porvootours.fi\" target=\"_blank\" rel=\"noopener\"><b>fr\u00e5ga mer<\/b><\/a><\/p>\n<p><strong>L\u00e4ngd:<\/strong><br \/>\nCirka 6,5 timmar<\/p>\n<p><strong>F\u00f6rverkligas:<\/strong><br \/>\nMaj-september, tisdag-s\u00f6ndag<\/p>\n<p>&nbsp;<\/p>\n<\/div>\n<\/div><\/div><div id=\"panel-14061-0-0-1\" class=\"so-panel widget widget_sow-editor panel-last-child\" data-index=\"1\" ><div\n\t\t\t\n\t\t\tclass=\"so-widget-sow-editor so-widget-sow-editor-base\"\n\t\t\t\n\t\t><h3 class=\"widget-title\">Be om offert<\/h3>\n<div class=\"siteorigin-widget-tinymce textwidget\">\n\t\n<div class=\"wpcf7 no-js\" id=\"wpcf7-f4277-o2\" lang=\"fi\" dir=\"ltr\" data-wpcf7-id=\"4277\">\n<div class=\"screen-reader-response\"><p role=\"status\" aria-live=\"polite\" aria-atomic=\"true\"><\/p> <ul><\/ul><\/div>\n<form action=\"\/sv\/wp-json\/wp\/v2\/portfolio\/14061#wpcf7-f4277-o2\" method=\"post\" class=\"wpcf7-form init\" aria-label=\"Yhteydenottolomake\" novalidate=\"novalidate\" data-status=\"init\">\n<fieldset class=\"hidden-fields-container\"><input type=\"hidden\" name=\"_wpcf7\" value=\"4277\" \/><input type=\"hidden\" name=\"_wpcf7_version\" value=\"6.1.7\" \/><input type=\"hidden\" name=\"_wpcf7_locale\" value=\"fi\" \/><input type=\"hidden\" name=\"_wpcf7_unit_tag\" value=\"wpcf7-f4277-o2\" \/><input type=\"hidden\" name=\"_wpcf7_container_post\" value=\"0\" \/><input type=\"hidden\" name=\"_wpcf7_posted_data_hash\" value=\"\" \/>\n<\/fieldset>\n<h4>Kontaktuppgifter\n<\/h4>\n<p><label> F\u00f6retag eller organisation<br \/>\n<span class=\"wpcf7-form-control-wrap\" data-name=\"text-528\"><input size=\"40\" maxlength=\"400\" class=\"wpcf7-form-control wpcf7-text\" aria-invalid=\"false\" value=\"\" type=\"text\" name=\"text-528\" \/><\/span><\/label>\n<\/p>\n<p><label> Namn (obligatorisk)<br \/>\n<span class=\"wpcf7-form-control-wrap\" data-name=\"your-name\"><input size=\"40\" maxlength=\"400\" class=\"wpcf7-form-control wpcf7-text wpcf7-validates-as-required\" aria-required=\"true\" aria-invalid=\"false\" value=\"\" type=\"text\" name=\"your-name\" \/><\/span> <\/label>\n<\/p>\n<p><label> Epost (obligatorisk)<br \/>\n<span class=\"wpcf7-form-control-wrap\" data-name=\"your-email\"><input size=\"40\" maxlength=\"400\" class=\"wpcf7-form-control wpcf7-email wpcf7-validates-as-required wpcf7-text wpcf7-validates-as-email\" aria-required=\"true\" aria-invalid=\"false\" value=\"\" type=\"email\" name=\"your-email\" \/><\/span> <\/label>\n<\/p>\n<p><label> Telefonnummer (obligatorisk)<br \/>\n<span class=\"wpcf7-form-control-wrap\" data-name=\"tel-82\"><input size=\"40\" maxlength=\"400\" class=\"wpcf7-form-control wpcf7-tel wpcf7-validates-as-required wpcf7-text wpcf7-validates-as-tel\" aria-required=\"true\" aria-invalid=\"false\" value=\"\" type=\"tel\" name=\"tel-82\" \/><\/span> <\/label>\n<\/p>\n<p><label> Gatuadress (obligatorisk)<br \/>\n<span class=\"wpcf7-form-control-wrap\" data-name=\"text-477\"><input size=\"40\" maxlength=\"400\" class=\"wpcf7-form-control wpcf7-text wpcf7-validates-as-required\" aria-required=\"true\" aria-invalid=\"false\" value=\"\" type=\"text\" name=\"text-477\" \/><\/span> <\/label>\n<\/p>\n<p><label> Postnummer och postanstalt (obligatorisk)<br \/>\n<span class=\"wpcf7-form-control-wrap\" data-name=\"text-984\"><input size=\"40\" maxlength=\"400\" class=\"wpcf7-form-control wpcf7-text wpcf7-validates-as-required\" aria-required=\"true\" aria-invalid=\"false\" value=\"\" type=\"text\" name=\"text-984\" \/><\/span> <\/label>\n<\/p>\n<p><label> Hur hittade du oss? (obligatorisk)<br \/>\n<span class=\"wpcf7-form-control-wrap\" data-name=\"text-791\"><input size=\"40\" maxlength=\"400\" class=\"wpcf7-form-control wpcf7-text wpcf7-validates-as-required\" aria-required=\"true\" aria-invalid=\"false\" value=\"\" type=\"text\" name=\"text-791\" \/><\/span> <\/label>\n<\/p>\n<p>&nbsp;\n<\/p>\n<h4>Uppgifter om gruppresan\n<\/h4>\n<p><label>Utf\u00e4rdens namn eller beg\u00e4r om skr\u00e4ddarsydd<br \/>\n<span class=\"wpcf7-form-control-wrap\" data-name=\"your-subject\"><input size=\"40\" maxlength=\"400\" class=\"wpcf7-form-control wpcf7-text\" aria-invalid=\"false\" value=\"\" type=\"text\" name=\"your-subject\" \/><\/span><\/label>\n<\/p>\n<p><label>Datum<br \/>\n<span class=\"wpcf7-form-control-wrap\" data-name=\"text-861\"><input size=\"40\" maxlength=\"400\" class=\"wpcf7-form-control wpcf7-text wpcf7-validates-as-required\" aria-required=\"true\" aria-invalid=\"false\" value=\"\" type=\"text\" name=\"text-861\" \/><\/span><\/label>\n<\/p>\n<p>Stad<br \/>\n<span class=\"wpcf7-form-control-wrap\" data-name=\"checkbox-157\"><span class=\"wpcf7-form-control wpcf7-checkbox\"><span class=\"wpcf7-list-item first\"><input type=\"checkbox\" name=\"checkbox-157[]\" value=\"Borg\u00e5\" \/><span class=\"wpcf7-list-item-label\">Borg\u00e5<\/span><\/span><span class=\"wpcf7-list-item\"><input type=\"checkbox\" name=\"checkbox-157[]\" value=\"Lovisa\" \/><span class=\"wpcf7-list-item-label\">Lovisa<\/span><\/span><span class=\"wpcf7-list-item last\"><input type=\"checkbox\" name=\"checkbox-157[]\" value=\"Sibbo\" \/><span class=\"wpcf7-list-item-label\">Sibbo<\/span><\/span><\/span><\/span>\n<\/p>\n<p><label>Annan destination \u00e4n Borg\u00e5, Lovisa eller Sibbo<br \/>\n<span class=\"wpcf7-form-control-wrap\" data-name=\"text-831\"><input size=\"40\" maxlength=\"400\" class=\"wpcf7-form-control wpcf7-text\" aria-invalid=\"false\" value=\"\" type=\"text\" name=\"text-831\" \/><\/span><\/label>\n<\/p>\n<p><label>Gruppens storlek<br \/>\n<span class=\"wpcf7-form-control-wrap\" data-name=\"text-165\"><input size=\"40\" maxlength=\"400\" class=\"wpcf7-form-control wpcf7-text\" aria-invalid=\"false\" value=\"\" type=\"text\" name=\"text-165\" \/><\/span><\/label>\n<\/p>\n<p><label>\u00d6nskem\u00e5l och program, tidtabell m.m.<br \/>\n<span class=\"wpcf7-form-control-wrap\" data-name=\"your-message\"><textarea cols=\"40\" rows=\"10\" maxlength=\"2000\" class=\"wpcf7-form-control wpcf7-textarea\" aria-invalid=\"false\" name=\"your-message\"><\/textarea><\/span> <\/label>\n<\/p>\n<p>Guidning<br \/>\n<span class=\"wpcf7-form-control-wrap\" data-name=\"checkbox-266\"><span class=\"wpcf7-form-control wpcf7-checkbox wpcf7-exclusive-checkbox\"><span class=\"wpcf7-list-item first\"><label><input type=\"checkbox\" name=\"checkbox-266\" value=\"Ja\" \/><span class=\"wpcf7-list-item-label\">Ja<\/span><\/label><\/span><span class=\"wpcf7-list-item last\"><label><input type=\"checkbox\" name=\"checkbox-266\" value=\"Nej\" \/><span class=\"wpcf7-list-item-label\">Nej<\/span><\/label><\/span><\/span><\/span>\n<\/p>\n<p>Mat<br \/>\n<span class=\"wpcf7-form-control-wrap\" data-name=\"checkbox-248\"><span class=\"wpcf7-form-control wpcf7-checkbox wpcf7-exclusive-checkbox\"><span class=\"wpcf7-list-item first\"><label><input type=\"checkbox\" name=\"checkbox-248\" value=\"Ja\" \/><span class=\"wpcf7-list-item-label\">Ja<\/span><\/label><\/span><span class=\"wpcf7-list-item last\"><label><input type=\"checkbox\" name=\"checkbox-248\" value=\"Nej\" \/><span class=\"wpcf7-list-item-label\">Nej<\/span><\/label><\/span><\/span><\/span>\n<\/p>\n<p>Kaffeservering<br \/>\n<span class=\"wpcf7-form-control-wrap\" data-name=\"checkbox-885\"><span class=\"wpcf7-form-control wpcf7-checkbox wpcf7-exclusive-checkbox\"><span class=\"wpcf7-list-item first\"><input type=\"checkbox\" name=\"checkbox-885\" value=\"Ja\" \/><span class=\"wpcf7-list-item-label\">Ja<\/span><\/span><span class=\"wpcf7-list-item last\"><input type=\"checkbox\" name=\"checkbox-885\" value=\"Nej\" \/><span class=\"wpcf7-list-item-label\">Nej<\/span><\/span><\/span><\/span>\n<\/p>\n<p>\u00d6vernattning<br \/>\n<span class=\"wpcf7-form-control-wrap\" data-name=\"checkbox-747\"><span class=\"wpcf7-form-control wpcf7-checkbox wpcf7-exclusive-checkbox\"><span class=\"wpcf7-list-item first\"><input type=\"checkbox\" name=\"checkbox-747\" value=\"Ja\" \/><span class=\"wpcf7-list-item-label\">Ja<\/span><\/span><span class=\"wpcf7-list-item last\"><input type=\"checkbox\" name=\"checkbox-747\" value=\"Nej\" \/><span class=\"wpcf7-list-item-label\">Nej<\/span><\/span><\/span><\/span>\n<\/p>\n<p><label>Fri text, till\u00e4ggsinfo<br \/>\n<span class=\"wpcf7-form-control-wrap\" data-name=\"textarea-582\"><textarea cols=\"40\" rows=\"10\" maxlength=\"2000\" class=\"wpcf7-form-control wpcf7-textarea\" aria-invalid=\"false\" name=\"textarea-582\"><\/textarea><\/span> <\/label>\n<\/p>\n<p><input class=\"wpcf7-form-control wpcf7-submit has-spinner\" type=\"submit\" value=\"Skicka\" \/>\n<\/p><div class=\"wpcf7-response-output\" aria-hidden=\"true\"><\/div>\n<\/form>\n<\/div>\n\n<\/div>\n<\/div><\/div><\/div><\/div><\/div>","protected":false},"excerpt":{"rendered":"<p>UNESCO V\u00e4rldsarv, herrg\u00e5rdslyx och levande historia&#8230;&hellip; <a class=\"kt-excerpt-readmore more-link\" href=\"https:\/\/www.porvootours.fi\/sv\/portfolio\/verla-oravala-gard\/\" aria-label=\"Verla &#038; Oravala G\u00e5rd\">\u00bb<\/a><\/p>\n","protected":false},"author":5,"featured_media":14077,"menu_order":0,"comment_status":"closed","ping_status":"closed","template":"","portfolio-type":[170,3820,3788],"portfolio-tag":[5073,3453,6960,3831,3753,3832,3836,3486,1593,3840,3808,3449,3834,6955,6954,3806,6953,3833,3805],"class_list":["post-14061","portfolio","type-portfolio","status-publish","has-post-thumbnail","hentry","portfolio-type-gruppresor","portfolio-type-muut-kohteet-sv","portfolio-type-ovriga-orter","portfolio-tag-bussresa","portfolio-tag-dagsresa","portfolio-tag-fabriksmuseum","portfolio-tag-gard","portfolio-tag-gruppresa","portfolio-tag-guidad-tur","portfolio-tag-guidad-vandring","portfolio-tag-hantverk","portfolio-tag-herrgard","portfolio-tag-kartongfabrik","portfolio-tag-kouvola","portfolio-tag-lunch","portfolio-tag-oravala-gard","portfolio-tag-paketerad-resa","portfolio-tag-sevardheter","portfolio-tag-unesco","portfolio-tag-utfard","portfolio-tag-varldsarv","portfolio-tag-verla"],"yoast_head":"<!-- This site is optimized with the Yoast SEO plugin v28.3 - https:\/\/yoast.com\/product\/yoast-seo-wordpress\/ -->\n<title>Verla &amp; Oravala G\u00e5rd | Porvoo Tours - researrang\u00f6r<\/title>\n<meta name=\"description\" content=\"Uppt\u00e4ck UNESCO-v\u00e4rldsarvet Verla och historiska Oravala G\u00e5rd. Dagsresan inkluderar guidade turer, lunch och kaffe med herrg\u00e5rdsrecept.\" \/>\n<meta name=\"robots\" content=\"index, follow, max-snippet:-1, max-image-preview:large, max-video-preview:-1\" \/>\n<link rel=\"canonical\" href=\"https:\/\/www.porvootours.fi\/sv\/portfolio\/verla-oravala-gard\/\" \/>\n<meta property=\"og:locale\" content=\"sv_SE\" \/>\n<meta property=\"og:type\" content=\"article\" \/>\n<meta property=\"og:title\" content=\"Verla &amp; Oravala G\u00e5rd | Porvoo Tours - researrang\u00f6r\" \/>\n<meta property=\"og:description\" content=\"Uppt\u00e4ck UNESCO-v\u00e4rldsarvet Verla och historiska Oravala G\u00e5rd. Dagsresan inkluderar guidade turer, lunch och kaffe med herrg\u00e5rdsrecept.\" \/>\n<meta property=\"og:url\" content=\"https:\/\/www.porvootours.fi\/sv\/portfolio\/verla-oravala-gard\/\" \/>\n<meta property=\"og:site_name\" content=\"Porvoo Tours - researrang\u00f6r\" \/>\n<meta property=\"article:publisher\" content=\"https:\/\/www.facebook.com\/Porvoo-Tours-136597746389488\/\" \/>\n<meta property=\"article:modified_time\" content=\"2026-02-05T07:56:43+00:00\" \/>\n<meta property=\"og:image\" content=\"https:\/\/www.porvootours.fi\/wp-content\/uploads\/2021\/04\/UPM_Verla_OA9A2081_CMYK-1-768x512-px.jpg\" \/>\n\t<meta property=\"og:image:width\" content=\"768\" \/>\n\t<meta property=\"og:image:height\" content=\"512\" \/>\n\t<meta property=\"og:image:type\" content=\"image\/jpeg\" \/>\n<meta name=\"twitter:card\" content=\"summary_large_image\" \/>\n<meta name=\"twitter:label1\" content=\"Ber\u00e4knad l\u00e4stid\" \/>\n\t<meta name=\"twitter:data1\" content=\"3 minuter\" \/>\n<script type=\"application\/ld+json\" class=\"yoast-schema-graph\">{\"@context\":\"https:\\\/\\\/schema.org\",\"@graph\":[{\"@type\":\"WebPage\",\"@id\":\"https:\\\/\\\/www.porvootours.fi\\\/sv\\\/portfolio\\\/verla-oravala-gard\\\/\",\"url\":\"https:\\\/\\\/www.porvootours.fi\\\/sv\\\/portfolio\\\/verla-oravala-gard\\\/\",\"name\":\"Verla & Oravala G\u00e5rd | Porvoo Tours - researrang\u00f6r\",\"isPartOf\":{\"@id\":\"https:\\\/\\\/www.porvootours.fi\\\/#website\"},\"primaryImageOfPage\":{\"@id\":\"https:\\\/\\\/www.porvootours.fi\\\/sv\\\/portfolio\\\/verla-oravala-gard\\\/#primaryimage\"},\"image\":{\"@id\":\"https:\\\/\\\/www.porvootours.fi\\\/sv\\\/portfolio\\\/verla-oravala-gard\\\/#primaryimage\"},\"thumbnailUrl\":\"https:\\\/\\\/www.porvootours.fi\\\/wp-content\\\/uploads\\\/2021\\\/04\\\/UPM_Verla_OA9A2081_CMYK-1-768x512-px.jpg\",\"datePublished\":\"2021-04-09T10:13:19+00:00\",\"dateModified\":\"2026-02-05T07:56:43+00:00\",\"description\":\"Uppt\u00e4ck UNESCO-v\u00e4rldsarvet Verla och historiska Oravala G\u00e5rd. Dagsresan inkluderar guidade turer, lunch och kaffe med herrg\u00e5rdsrecept.\",\"breadcrumb\":{\"@id\":\"https:\\\/\\\/www.porvootours.fi\\\/sv\\\/portfolio\\\/verla-oravala-gard\\\/#breadcrumb\"},\"inLanguage\":\"sv-SE\",\"potentialAction\":[{\"@type\":\"ReadAction\",\"target\":[\"https:\\\/\\\/www.porvootours.fi\\\/sv\\\/portfolio\\\/verla-oravala-gard\\\/\"]}]},{\"@type\":\"ImageObject\",\"inLanguage\":\"sv-SE\",\"@id\":\"https:\\\/\\\/www.porvootours.fi\\\/sv\\\/portfolio\\\/verla-oravala-gard\\\/#primaryimage\",\"url\":\"https:\\\/\\\/www.porvootours.fi\\\/wp-content\\\/uploads\\\/2021\\\/04\\\/UPM_Verla_OA9A2081_CMYK-1-768x512-px.jpg\",\"contentUrl\":\"https:\\\/\\\/www.porvootours.fi\\\/wp-content\\\/uploads\\\/2021\\\/04\\\/UPM_Verla_OA9A2081_CMYK-1-768x512-px.jpg\",\"width\":768,\"height\":512,\"caption\":\"Den r\u00f6da tegelarkitekturen i Verla fabriksmuseum och den lummiga parkmilj\u00f6n vid Oravala G\u00e5rd.\"},{\"@type\":\"BreadcrumbList\",\"@id\":\"https:\\\/\\\/www.porvootours.fi\\\/sv\\\/portfolio\\\/verla-oravala-gard\\\/#breadcrumb\",\"itemListElement\":[{\"@type\":\"ListItem\",\"position\":1,\"name\":\"Home\",\"item\":\"https:\\\/\\\/www.porvootours.fi\\\/sv\\\/\"},{\"@type\":\"ListItem\",\"position\":2,\"name\":\"Verla &#038; Oravala G\u00e5rd\"}]},{\"@type\":\"WebSite\",\"@id\":\"https:\\\/\\\/www.porvootours.fi\\\/#website\",\"url\":\"https:\\\/\\\/www.porvootours.fi\\\/\",\"name\":\"Porvoo Tours - matkanj\u00e4rjest\u00e4j\u00e4\",\"description\":\"Ryhm\u00e4matkojen ja kokouksien j\u00e4rjest\u00e4j\u00e4. Porvoo, Sipoo - gruppresor och m\u00f6tesresorja Loviisa\",\"publisher\":{\"@id\":\"https:\\\/\\\/www.porvootours.fi\\\/#organization\"},\"alternateName\":\"Porvoo Tours\",\"potentialAction\":[{\"@type\":\"SearchAction\",\"target\":{\"@type\":\"EntryPoint\",\"urlTemplate\":\"https:\\\/\\\/www.porvootours.fi\\\/?s={search_term_string}\"},\"query-input\":{\"@type\":\"PropertyValueSpecification\",\"valueRequired\":true,\"valueName\":\"search_term_string\"}}],\"inLanguage\":\"sv-SE\"},{\"@type\":\"Organization\",\"@id\":\"https:\\\/\\\/www.porvootours.fi\\\/#organization\",\"name\":\"Porvoo Tours\",\"url\":\"https:\\\/\\\/www.porvootours.fi\\\/\",\"logo\":{\"@type\":\"ImageObject\",\"inLanguage\":\"sv-SE\",\"@id\":\"https:\\\/\\\/www.porvootours.fi\\\/#\\\/schema\\\/logo\\\/image\\\/\",\"url\":\"https:\\\/\\\/www.porvootours.fi\\\/wp-content\\\/uploads\\\/2020\\\/02\\\/porvootours_logo1.png\",\"contentUrl\":\"https:\\\/\\\/www.porvootours.fi\\\/wp-content\\\/uploads\\\/2020\\\/02\\\/porvootours_logo1.png\",\"width\":300,\"height\":70,\"caption\":\"Porvoo Tours\"},\"image\":{\"@id\":\"https:\\\/\\\/www.porvootours.fi\\\/#\\\/schema\\\/logo\\\/image\\\/\"},\"sameAs\":[\"https:\\\/\\\/www.facebook.com\\\/Porvoo-Tours-136597746389488\\\/\"]}]}<\/script>\n<!-- \/ Yoast SEO plugin. -->","yoast_head_json":{"title":"Verla & Oravala G\u00e5rd | Porvoo Tours - researrang\u00f6r","description":"Uppt\u00e4ck UNESCO-v\u00e4rldsarvet Verla och historiska Oravala G\u00e5rd. Dagsresan inkluderar guidade turer, lunch och kaffe med herrg\u00e5rdsrecept.","robots":{"index":"index","follow":"follow","max-snippet":"max-snippet:-1","max-image-preview":"max-image-preview:large","max-video-preview":"max-video-preview:-1"},"canonical":"https:\/\/www.porvootours.fi\/sv\/portfolio\/verla-oravala-gard\/","og_locale":"sv_SE","og_type":"article","og_title":"Verla & Oravala G\u00e5rd | Porvoo Tours - researrang\u00f6r","og_description":"Uppt\u00e4ck UNESCO-v\u00e4rldsarvet Verla och historiska Oravala G\u00e5rd. Dagsresan inkluderar guidade turer, lunch och kaffe med herrg\u00e5rdsrecept.","og_url":"https:\/\/www.porvootours.fi\/sv\/portfolio\/verla-oravala-gard\/","og_site_name":"Porvoo Tours - researrang\u00f6r","article_publisher":"https:\/\/www.facebook.com\/Porvoo-Tours-136597746389488\/","article_modified_time":"2026-02-05T07:56:43+00:00","og_image":[{"width":768,"height":512,"url":"https:\/\/www.porvootours.fi\/wp-content\/uploads\/2021\/04\/UPM_Verla_OA9A2081_CMYK-1-768x512-px.jpg","type":"image\/jpeg"}],"twitter_card":"summary_large_image","twitter_misc":{"Ber\u00e4knad l\u00e4stid":"3 minuter"},"schema":{"@context":"https:\/\/schema.org","@graph":[{"@type":"WebPage","@id":"https:\/\/www.porvootours.fi\/sv\/portfolio\/verla-oravala-gard\/","url":"https:\/\/www.porvootours.fi\/sv\/portfolio\/verla-oravala-gard\/","name":"Verla & Oravala G\u00e5rd | Porvoo Tours - researrang\u00f6r","isPartOf":{"@id":"https:\/\/www.porvootours.fi\/#website"},"primaryImageOfPage":{"@id":"https:\/\/www.porvootours.fi\/sv\/portfolio\/verla-oravala-gard\/#primaryimage"},"image":{"@id":"https:\/\/www.porvootours.fi\/sv\/portfolio\/verla-oravala-gard\/#primaryimage"},"thumbnailUrl":"https:\/\/www.porvootours.fi\/wp-content\/uploads\/2021\/04\/UPM_Verla_OA9A2081_CMYK-1-768x512-px.jpg","datePublished":"2021-04-09T10:13:19+00:00","dateModified":"2026-02-05T07:56:43+00:00","description":"Uppt\u00e4ck UNESCO-v\u00e4rldsarvet Verla och historiska Oravala G\u00e5rd. Dagsresan inkluderar guidade turer, lunch och kaffe med herrg\u00e5rdsrecept.","breadcrumb":{"@id":"https:\/\/www.porvootours.fi\/sv\/portfolio\/verla-oravala-gard\/#breadcrumb"},"inLanguage":"sv-SE","potentialAction":[{"@type":"ReadAction","target":["https:\/\/www.porvootours.fi\/sv\/portfolio\/verla-oravala-gard\/"]}]},{"@type":"ImageObject","inLanguage":"sv-SE","@id":"https:\/\/www.porvootours.fi\/sv\/portfolio\/verla-oravala-gard\/#primaryimage","url":"https:\/\/www.porvootours.fi\/wp-content\/uploads\/2021\/04\/UPM_Verla_OA9A2081_CMYK-1-768x512-px.jpg","contentUrl":"https:\/\/www.porvootours.fi\/wp-content\/uploads\/2021\/04\/UPM_Verla_OA9A2081_CMYK-1-768x512-px.jpg","width":768,"height":512,"caption":"Den r\u00f6da tegelarkitekturen i Verla fabriksmuseum och den lummiga parkmilj\u00f6n vid Oravala G\u00e5rd."},{"@type":"BreadcrumbList","@id":"https:\/\/www.porvootours.fi\/sv\/portfolio\/verla-oravala-gard\/#breadcrumb","itemListElement":[{"@type":"ListItem","position":1,"name":"Home","item":"https:\/\/www.porvootours.fi\/sv\/"},{"@type":"ListItem","position":2,"name":"Verla &#038; Oravala G\u00e5rd"}]},{"@type":"WebSite","@id":"https:\/\/www.porvootours.fi\/#website","url":"https:\/\/www.porvootours.fi\/","name":"Porvoo Tours - matkanj\u00e4rjest\u00e4j\u00e4","description":"Ryhm\u00e4matkojen ja kokouksien j\u00e4rjest\u00e4j\u00e4. Porvoo, Sipoo - gruppresor och m\u00f6tesresorja Loviisa","publisher":{"@id":"https:\/\/www.porvootours.fi\/#organization"},"alternateName":"Porvoo Tours","potentialAction":[{"@type":"SearchAction","target":{"@type":"EntryPoint","urlTemplate":"https:\/\/www.porvootours.fi\/?s={search_term_string}"},"query-input":{"@type":"PropertyValueSpecification","valueRequired":true,"valueName":"search_term_string"}}],"inLanguage":"sv-SE"},{"@type":"Organization","@id":"https:\/\/www.porvootours.fi\/#organization","name":"Porvoo Tours","url":"https:\/\/www.porvootours.fi\/","logo":{"@type":"ImageObject","inLanguage":"sv-SE","@id":"https:\/\/www.porvootours.fi\/#\/schema\/logo\/image\/","url":"https:\/\/www.porvootours.fi\/wp-content\/uploads\/2020\/02\/porvootours_logo1.png","contentUrl":"https:\/\/www.porvootours.fi\/wp-content\/uploads\/2020\/02\/porvootours_logo1.png","width":300,"height":70,"caption":"Porvoo Tours"},"image":{"@id":"https:\/\/www.porvootours.fi\/#\/schema\/logo\/image\/"},"sameAs":["https:\/\/www.facebook.com\/Porvoo-Tours-136597746389488\/"]}]}},"_links":{"self":[{"href":"https:\/\/www.porvootours.fi\/sv\/wp-json\/wp\/v2\/portfolio\/14061","targetHints":{"allow":["GET"]}}],"collection":[{"href":"https:\/\/www.porvootours.fi\/sv\/wp-json\/wp\/v2\/portfolio"}],"about":[{"href":"https:\/\/www.porvootours.fi\/sv\/wp-json\/wp\/v2\/types\/portfolio"}],"author":[{"embeddable":true,"href":"https:\/\/www.porvootours.fi\/sv\/wp-json\/wp\/v2\/users\/5"}],"replies":[{"embeddable":true,"href":"https:\/\/www.porvootours.fi\/sv\/wp-json\/wp\/v2\/comments?post=14061"}],"version-history":[{"count":0,"href":"https:\/\/www.porvootours.fi\/sv\/wp-json\/wp\/v2\/portfolio\/14061\/revisions"}],"wp:featuredmedia":[{"embeddable":true,"href":"https:\/\/www.porvootours.fi\/sv\/wp-json\/wp\/v2\/media\/14077"}],"wp:attachment":[{"href":"https:\/\/www.porvootours.fi\/sv\/wp-json\/wp\/v2\/media?parent=14061"}],"wp:term":[{"taxonomy":"portfolio-type","embeddable":true,"href":"https:\/\/www.porvootours.fi\/sv\/wp-json\/wp\/v2\/portfolio-type?post=14061"},{"taxonomy":"portfolio-tag","embeddable":true,"href":"https:\/\/www.porvootours.fi\/sv\/wp-json\/wp\/v2\/portfolio-tag?post=14061"}],"curies":[{"name":"wp","href":"https:\/\/api.w.org\/{rel}","templated":true}]}}